{"id":414,"date":"2019-05-31T20:09:23","date_gmt":"2019-05-31T18:09:23","guid":{"rendered":"https:\/\/www.elpasodanse.be\/wordpress\/?page_id=414"},"modified":"2019-10-28T16:11:02","modified_gmt":"2019-10-28T15:11:02","slug":"samba-2","status":"publish","type":"page","link":"https:\/\/www.elpasodanse.be\/wordpress\/samba-2\/","title":{"rendered":"Samba"},"content":{"rendered":"\n<figure class=\"wp-block-image\"><img loading=\"lazy\" decoding=\"async\" width=\"101\" height=\"124\" src=\"https:\/\/www.elpasodanse.be\/wordpress\/wp-content\/uploads\/2019\/05\/samba.jpg\" alt=\"\" class=\"wp-image-408\"\/><\/figure>\n\n\n\n<p>La seule \u00e9vocation du mot \u00ab\u00a0<strong>Samba<\/strong>\u00a0\u00bb nous rappelle le Br\u00e9sil, Rio de Janeiro et son carnaval mythique.<\/p>\n\n\n\n<p>Elle est n\u00e9e dans les bidonvilles au d\u00e9but du XX<sup>e<\/sup>&nbsp;si\u00e8cle.<\/p>\n\n\n\n<p>En 1928, les \u00e9coles de Samba sont constitu\u00e9es de petits groupes qui d\u00e9filent sans costumes, au son des percussions.<\/p>\n\n\n\n<p>Ces groupes, appel\u00e9s \u00ab\u00a0Blocos\u00a0\u00bb, rivalisent d&rsquo;audace et d&rsquo;imagination.<\/p>\n\n\n\n<p>Tr\u00e8s vite, ces d\u00e9fil\u00e9s s&rsquo;organisent et se transforment en comp\u00e9titions.&nbsp;&nbsp;<\/p>\n\n\n\n<p>La samba est devenue la musique du carnaval vers 1930. Jusque-l\u00e0, elle \u00e9tait interdite, car jug\u00e9e trop obsc\u00e8ne, brutale, violente.<\/p>\n\n\n\n<p>En 1935, les \u00e9coles sont officiellement enregistr\u00e9es comme \u00ab\u00a0Gremio\u00a0\u00bb (cercles r\u00e9cr\u00e9atifs).<\/p>\n\n\n\n<p>Dans les ann\u00e9es 1940 et 1950, l&rsquo;identit\u00e9 de chacune des \u00e9coles de samba se construit: choix de couleurs de reconnaissance et choix musicaux.<\/p>\n\n\n\n<p>Les ann\u00e9es 1960-1970 apportent de nouveaux courants esth\u00e9tiques. Les \u00e9coles de samba travaillent leur image avec la contribution, souvent spontan\u00e9e, d&rsquo;artistes c\u00e9l\u00e8bres.<\/p>\n\n\n\n<p>La Samba est arriv\u00e9e en Europe durant les ann\u00e9es folles, vers 1920. Le style d\u00e9velopp\u00e9 ne ressemble en rien \u00e0 celui adopt\u00e9 au Br\u00e9sil.<\/p>\n\n\n\n<p>L&rsquo;esprit collectif et l&rsquo;image du carnaval, ont valu \u00e0 la samba d&rsquo;\u00eatre copi\u00e9e et reprise un peu partout dans le monde.&nbsp;<br>En France, vers 1975, sa diffusion commence avec la cr\u00e9ation \u00e0 Paris, d&rsquo;une premi\u00e8re \u00e9cole de samba.<\/p>\n\n\n\n<p>La samba, en Europe, se danse en couple. Elle fait partie des danses sportives et particuli\u00e8rement, des danses latines de comp\u00e9tition.<\/p>\n\n\n\n<p>Pour faire ressortir le vrai caract\u00e8re de cette danse, le danseur doit d\u00e9gager une interpr\u00e9tation joyeuse, flirteuse et exub\u00e9rante. La plupart des figures de la samba se d\u00e9roulent dans un faible p\u00e9rim\u00e8tre. Elle peut donc se danser \u00ab\u00a0sur place\u00a0\u00bb comme le cha-cha-cha ou le rock mais, normalement, c&rsquo;est une danse d&rsquo;\u00e9volution autour de la piste comme le tango, le paso ou la valse.<\/p>\n","protected":false},"excerpt":{"rendered":"<p>La seule \u00e9vocation du mot \u00ab\u00a0Samba\u00a0\u00bb nous rappelle le Br\u00e9sil, Rio de Janeiro et son carnaval mythique. Elle est n\u00e9e dans les bidonvilles au d\u00e9but du XXe&nbsp;si\u00e8cle. En 1928, les \u00e9coles de Samba sont constitu\u00e9es de petits groupes qui d\u00e9filent sans costumes, au son des percussions. Ces groupes, appel\u00e9s \u00ab\u00a0Blocos\u00a0\u00bb, rivalisent d&rsquo;audace et d&rsquo;imagination. Tr\u00e8s &hellip; <\/p>\n<p class=\"link-more\"><a href=\"https:\/\/www.elpasodanse.be\/wordpress\/samba-2\/\" class=\"more-link\">Continuer la lecture<span class=\"screen-reader-text\"> de &laquo;&nbsp;Samba&nbsp;&raquo;<\/span><\/a><\/p>\n","protected":false},"author":1,"featured_media":0,"parent":0,"menu_order":0,"comment_status":"closed","ping_status":"closed","template":"","meta":{"footnotes":""},"class_list":["post-414","page","type-page","status-publish","hentry"],"yoast_head":"<!-- This site is optimized with the Yoast SEO plugin v27.1.1 - https:\/\/yoast.com\/product\/yoast-seo-wordpress\/ -->\n<title>Samba - El Paso<\/title>\n<meta name=\"robots\" content=\"index, follow, max-snippet:-1, max-image-preview:large, max-video-preview:-1\" \/>\n<link rel=\"canonical\" href=\"https:\/\/www.elpasodanse.be\/wordpress\/samba-2\/\" \/>\n<meta property=\"og:locale\" content=\"fr_FR\" \/>\n<meta property=\"og:type\" content=\"article\" \/>\n<meta property=\"og:title\" content=\"Samba - El Paso\" \/>\n<meta property=\"og:description\" content=\"La seule \u00e9vocation du mot \u00ab\u00a0Samba\u00a0\u00bb nous rappelle le Br\u00e9sil, Rio de Janeiro et son carnaval mythique. Elle est n\u00e9e dans les bidonvilles au d\u00e9but du XXe&nbsp;si\u00e8cle. En 1928, les \u00e9coles de Samba sont constitu\u00e9es de petits groupes qui d\u00e9filent sans costumes, au son des percussions. Ces groupes, appel\u00e9s \u00ab\u00a0Blocos\u00a0\u00bb, rivalisent d&rsquo;audace et d&rsquo;imagination. Tr\u00e8s &hellip; Continuer la lecture de &laquo;&nbsp;Samba&nbsp;&raquo;\" \/>\n<meta property=\"og:url\" content=\"https:\/\/www.elpasodanse.be\/wordpress\/samba-2\/\" \/>\n<meta property=\"og:site_name\" content=\"El Paso\" \/>\n<meta property=\"article:modified_time\" content=\"2019-10-28T15:11:02+00:00\" \/>\n<meta property=\"og:image\" content=\"https:\/\/www.elpasodanse.be\/wordpress\/wp-content\/uploads\/2019\/05\/samba.jpg\" \/>\n<meta name=\"twitter:card\" content=\"summary_large_image\" \/>\n<meta name=\"twitter:label1\" content=\"Dur\u00e9e de lecture estim\u00e9e\" \/>\n\t<meta name=\"twitter:data1\" content=\"2 minutes\" \/>\n<script type=\"application\/ld+json\" class=\"yoast-schema-graph\">{\"@context\":\"https:\/\/schema.org\",\"@graph\":[{\"@type\":\"WebPage\",\"@id\":\"https:\/\/www.elpasodanse.be\/wordpress\/samba-2\/\",\"url\":\"https:\/\/www.elpasodanse.be\/wordpress\/samba-2\/\",\"name\":\"Samba - El Paso\",\"isPartOf\":{\"@id\":\"https:\/\/www.elpasodanse.be\/wordpress\/#website\"},\"primaryImageOfPage\":{\"@id\":\"https:\/\/www.elpasodanse.be\/wordpress\/samba-2\/#primaryimage\"},\"image\":{\"@id\":\"https:\/\/www.elpasodanse.be\/wordpress\/samba-2\/#primaryimage\"},\"thumbnailUrl\":\"https:\/\/www.elpasodanse.be\/wordpress\/wp-content\/uploads\/2019\/05\/samba.jpg\",\"datePublished\":\"2019-05-31T18:09:23+00:00\",\"dateModified\":\"2019-10-28T15:11:02+00:00\",\"breadcrumb\":{\"@id\":\"https:\/\/www.elpasodanse.be\/wordpress\/samba-2\/#breadcrumb\"},\"inLanguage\":\"fr-FR\",\"potentialAction\":[{\"@type\":\"ReadAction\",\"target\":[\"https:\/\/www.elpasodanse.be\/wordpress\/samba-2\/\"]}]},{\"@type\":\"ImageObject\",\"inLanguage\":\"fr-FR\",\"@id\":\"https:\/\/www.elpasodanse.be\/wordpress\/samba-2\/#primaryimage\",\"url\":\"https:\/\/www.elpasodanse.be\/wordpress\/wp-content\/uploads\/2019\/05\/samba.jpg\",\"contentUrl\":\"https:\/\/www.elpasodanse.be\/wordpress\/wp-content\/uploads\/2019\/05\/samba.jpg\",\"width\":101,\"height\":124},{\"@type\":\"BreadcrumbList\",\"@id\":\"https:\/\/www.elpasodanse.be\/wordpress\/samba-2\/#breadcrumb\",\"itemListElement\":[{\"@type\":\"ListItem\",\"position\":1,\"name\":\"Accueil\",\"item\":\"https:\/\/www.elpasodanse.be\/wordpress\/\"},{\"@type\":\"ListItem\",\"position\":2,\"name\":\"Samba\"}]},{\"@type\":\"WebSite\",\"@id\":\"https:\/\/www.elpasodanse.be\/wordpress\/#website\",\"url\":\"https:\/\/www.elpasodanse.be\/wordpress\/\",\"name\":\"El Paso\",\"description\":\"Ecole de danse\",\"publisher\":{\"@id\":\"https:\/\/www.elpasodanse.be\/wordpress\/#organization\"},\"potentialAction\":[{\"@type\":\"SearchAction\",\"target\":{\"@type\":\"EntryPoint\",\"urlTemplate\":\"https:\/\/www.elpasodanse.be\/wordpress\/?s={search_term_string}\"},\"query-input\":{\"@type\":\"PropertyValueSpecification\",\"valueRequired\":true,\"valueName\":\"search_term_string\"}}],\"inLanguage\":\"fr-FR\"},{\"@type\":\"Organization\",\"@id\":\"https:\/\/www.elpasodanse.be\/wordpress\/#organization\",\"name\":\"El Paso\",\"url\":\"https:\/\/www.elpasodanse.be\/wordpress\/\",\"logo\":{\"@type\":\"ImageObject\",\"inLanguage\":\"fr-FR\",\"@id\":\"https:\/\/www.elpasodanse.be\/wordpress\/#\/schema\/logo\/image\/\",\"url\":\"https:\/\/www.elpasodanse.be\/wordpress\/wp-content\/uploads\/2019\/04\/cropped-logosite2.png\",\"contentUrl\":\"https:\/\/www.elpasodanse.be\/wordpress\/wp-content\/uploads\/2019\/04\/cropped-logosite2.png\",\"width\":180,\"height\":250,\"caption\":\"El Paso\"},\"image\":{\"@id\":\"https:\/\/www.elpasodanse.be\/wordpress\/#\/schema\/logo\/image\/\"}}]}<\/script>\n<!-- \/ Yoast SEO plugin. -->","yoast_head_json":{"title":"Samba - El Paso","robots":{"index":"index","follow":"follow","max-snippet":"max-snippet:-1","max-image-preview":"max-image-preview:large","max-video-preview":"max-video-preview:-1"},"canonical":"https:\/\/www.elpasodanse.be\/wordpress\/samba-2\/","og_locale":"fr_FR","og_type":"article","og_title":"Samba - El Paso","og_description":"La seule \u00e9vocation du mot \u00ab\u00a0Samba\u00a0\u00bb nous rappelle le Br\u00e9sil, Rio de Janeiro et son carnaval mythique. Elle est n\u00e9e dans les bidonvilles au d\u00e9but du XXe&nbsp;si\u00e8cle. En 1928, les \u00e9coles de Samba sont constitu\u00e9es de petits groupes qui d\u00e9filent sans costumes, au son des percussions. Ces groupes, appel\u00e9s \u00ab\u00a0Blocos\u00a0\u00bb, rivalisent d&rsquo;audace et d&rsquo;imagination. Tr\u00e8s &hellip; Continuer la lecture de &laquo;&nbsp;Samba&nbsp;&raquo;","og_url":"https:\/\/www.elpasodanse.be\/wordpress\/samba-2\/","og_site_name":"El Paso","article_modified_time":"2019-10-28T15:11:02+00:00","og_image":[{"url":"https:\/\/www.elpasodanse.be\/wordpress\/wp-content\/uploads\/2019\/05\/samba.jpg","type":"","width":"","height":""}],"twitter_card":"summary_large_image","twitter_misc":{"Dur\u00e9e de lecture estim\u00e9e":"2 minutes"},"schema":{"@context":"https:\/\/schema.org","@graph":[{"@type":"WebPage","@id":"https:\/\/www.elpasodanse.be\/wordpress\/samba-2\/","url":"https:\/\/www.elpasodanse.be\/wordpress\/samba-2\/","name":"Samba - El Paso","isPartOf":{"@id":"https:\/\/www.elpasodanse.be\/wordpress\/#website"},"primaryImageOfPage":{"@id":"https:\/\/www.elpasodanse.be\/wordpress\/samba-2\/#primaryimage"},"image":{"@id":"https:\/\/www.elpasodanse.be\/wordpress\/samba-2\/#primaryimage"},"thumbnailUrl":"https:\/\/www.elpasodanse.be\/wordpress\/wp-content\/uploads\/2019\/05\/samba.jpg","datePublished":"2019-05-31T18:09:23+00:00","dateModified":"2019-10-28T15:11:02+00:00","breadcrumb":{"@id":"https:\/\/www.elpasodanse.be\/wordpress\/samba-2\/#breadcrumb"},"inLanguage":"fr-FR","potentialAction":[{"@type":"ReadAction","target":["https:\/\/www.elpasodanse.be\/wordpress\/samba-2\/"]}]},{"@type":"ImageObject","inLanguage":"fr-FR","@id":"https:\/\/www.elpasodanse.be\/wordpress\/samba-2\/#primaryimage","url":"https:\/\/www.elpasodanse.be\/wordpress\/wp-content\/uploads\/2019\/05\/samba.jpg","contentUrl":"https:\/\/www.elpasodanse.be\/wordpress\/wp-content\/uploads\/2019\/05\/samba.jpg","width":101,"height":124},{"@type":"BreadcrumbList","@id":"https:\/\/www.elpasodanse.be\/wordpress\/samba-2\/#breadcrumb","itemListElement":[{"@type":"ListItem","position":1,"name":"Accueil","item":"https:\/\/www.elpasodanse.be\/wordpress\/"},{"@type":"ListItem","position":2,"name":"Samba"}]},{"@type":"WebSite","@id":"https:\/\/www.elpasodanse.be\/wordpress\/#website","url":"https:\/\/www.elpasodanse.be\/wordpress\/","name":"El Paso","description":"Ecole de danse","publisher":{"@id":"https:\/\/www.elpasodanse.be\/wordpress\/#organization"},"potentialAction":[{"@type":"SearchAction","target":{"@type":"EntryPoint","urlTemplate":"https:\/\/www.elpasodanse.be\/wordpress\/?s={search_term_string}"},"query-input":{"@type":"PropertyValueSpecification","valueRequired":true,"valueName":"search_term_string"}}],"inLanguage":"fr-FR"},{"@type":"Organization","@id":"https:\/\/www.elpasodanse.be\/wordpress\/#organization","name":"El Paso","url":"https:\/\/www.elpasodanse.be\/wordpress\/","logo":{"@type":"ImageObject","inLanguage":"fr-FR","@id":"https:\/\/www.elpasodanse.be\/wordpress\/#\/schema\/logo\/image\/","url":"https:\/\/www.elpasodanse.be\/wordpress\/wp-content\/uploads\/2019\/04\/cropped-logosite2.png","contentUrl":"https:\/\/www.elpasodanse.be\/wordpress\/wp-content\/uploads\/2019\/04\/cropped-logosite2.png","width":180,"height":250,"caption":"El Paso"},"image":{"@id":"https:\/\/www.elpasodanse.be\/wordpress\/#\/schema\/logo\/image\/"}}]}},"_links":{"self":[{"href":"https:\/\/www.elpasodanse.be\/wordpress\/wp-json\/wp\/v2\/pages\/414","targetHints":{"allow":["GET"]}}],"collection":[{"href":"https:\/\/www.elpasodanse.be\/wordpress\/wp-json\/wp\/v2\/pages"}],"about":[{"href":"https:\/\/www.elpasodanse.be\/wordpress\/wp-json\/wp\/v2\/types\/page"}],"author":[{"embeddable":true,"href":"https:\/\/www.elpasodanse.be\/wordpress\/wp-json\/wp\/v2\/users\/1"}],"replies":[{"embeddable":true,"href":"https:\/\/www.elpasodanse.be\/wordpress\/wp-json\/wp\/v2\/comments?post=414"}],"version-history":[{"count":1,"href":"https:\/\/www.elpasodanse.be\/wordpress\/wp-json\/wp\/v2\/pages\/414\/revisions"}],"predecessor-version":[{"id":415,"href":"https:\/\/www.elpasodanse.be\/wordpress\/wp-json\/wp\/v2\/pages\/414\/revisions\/415"}],"wp:attachment":[{"href":"https:\/\/www.elpasodanse.be\/wordpress\/wp-json\/wp\/v2\/media?parent=414"}],"curies":[{"name":"wp","href":"https:\/\/api.w.org\/{rel}","templated":true}]}}